{"id":3631,"date":"2025-10-10T13:04:40","date_gmt":"2025-10-10T11:04:40","guid":{"rendered":"https:\/\/www.pastificiodestefano.it\/?post_type=product&#038;p=3631"},"modified":"2025-10-28T13:47:07","modified_gmt":"2025-10-28T12:47:07","slug":"fiorelloni-avec-merou","status":"publish","type":"product","link":"https:\/\/www.pastificiodestefano.it\/fr\/produit\/fiorelloni-avec-merou\/","title":{"rendered":"Fiorelloni avec m\u00e9rou"},"content":{"rendered":"<h2>Ingr\u00e9dients<\/h2>\n<p>Farce 55 % : l\u00e9gumes en proportions variables (tomates, oignons), m\u00e9rou 15 % (contient du POISSON), requin bleu (contient du POISSON), ricotta de lait de vache (LACTOS\u00c9RUM, LAIT, sel), chapelure (farine de BL\u00c9 tendre type \u00ab 0 \u00bb, levure de bi\u00e8re, sel), fromages (contient du LAIT), Grana Padano DOP (LAIT, sel, pr\u00e9sure, conservateur : lysozyme d&#8217;\u0152UF), pommes de terre d\u00e9shydrat\u00e9es, f\u00e9cule de pomme de terre, ar\u00f4mes naturels, herbes aromatiques, sel, fibres v\u00e9g\u00e9tales, vin blanc (contient des SULFITES), ail.<br \/>\nP\u00e2tes 45% : farine de BL\u00c9 tendre type &#8220;00&#8221;,<br \/>semoule de BL\u00c9 dur, OEUFS 20% (9% du total), eau.<\/p>\n<p>Saupoudrer de cr\u00e8me de riz.<\/p>\n<p>Peut contenir d\u2019ARACHIDES, FRUITS \u00c0 COQUE, C\u00c9LERI,<br \/>MOUTARDE, S\u00c9SAME, SOJA, CRUSTAC\u00c9S, LUPIN.<\/p>\n<p>Allerg\u00e8nes : <em>indiqu\u00e9s en majuscules<\/em>.<br \/>\nTemps de cuisson : 5 minutes.<\/p>\n<h2>Mode d&#8217;emploi<\/h2>\n<p>Cuire \u00e0 l&#8217;eau sal\u00e9e<br \/>\nConditionn\u00e9 sous atmosph\u00e8re protectrice.<br \/>\nConsommez dans les 3 jours apr\u00e8s l&#8217;ouverture.<\/p>\n<p>Conserver au r\u00e9frig\u00e9rateur entre 0 et + 4\u00b0C. A consommer apr\u00e8s la cuisson.<\/p>\n","protected":false},"excerpt":{"rendered":"<p>P\u00e2tes aux \u0153ufs farcies fra\u00eeches<\/p>\n","protected":false},"featured_media":2710,"comment_status":"closed","ping_status":"closed","template":"","meta":{"wprm-recipe-roundup-name":[],"wprm-recipe-roundup-description":[]},"product_cat":[177],"product_tag":[182],"class_list":{"0":"post-3631","1":"product","2":"type-product","3":"status-publish","4":"has-post-thumbnail","6":"product_cat-pates-artisanales-avec-garnitures-speciales","7":"product_tag-poisson","9":"first","10":"instock","11":"taxable","12":"shipping-taxable","13":"product-type-simple"},"aioseo_notices":[],"_links":{"self":[{"href":"https:\/\/www.pastificiodestefano.it\/fr\/wp-json\/wp\/v2\/product\/3631","targetHints":{"allow":["GET"]}}],"collection":[{"href":"https:\/\/www.pastificiodestefano.it\/fr\/wp-json\/wp\/v2\/product"}],"about":[{"href":"https:\/\/www.pastificiodestefano.it\/fr\/wp-json\/wp\/v2\/types\/product"}],"replies":[{"embeddable":true,"href":"https:\/\/www.pastificiodestefano.it\/fr\/wp-json\/wp\/v2\/comments?post=3631"}],"wp:featuredmedia":[{"embeddable":true,"href":"https:\/\/www.pastificiodestefano.it\/fr\/wp-json\/wp\/v2\/media\/2710"}],"wp:attachment":[{"href":"https:\/\/www.pastificiodestefano.it\/fr\/wp-json\/wp\/v2\/media?parent=3631"}],"wp:term":[{"taxonomy":"product_cat","embeddable":true,"href":"https:\/\/www.pastificiodestefano.it\/fr\/wp-json\/wp\/v2\/product_cat?post=3631"},{"taxonomy":"product_tag","embeddable":true,"href":"https:\/\/www.pastificiodestefano.it\/fr\/wp-json\/wp\/v2\/product_tag?post=3631"}],"curies":[{"name":"wp","href":"https:\/\/api.w.org\/{rel}","templated":true}]}}